{"id":1316,"date":"2014-08-28T19:02:35","date_gmt":"2014-08-28T19:02:35","guid":{"rendered":"http:\/\/redhistoriapsi.mora.edu.mx\/?page_id=1316"},"modified":"2024-06-19T19:00:32","modified_gmt":"2024-06-19T19:00:32","slug":"ana-teresa-a-venancio","status":"publish","type":"page","link":"https:\/\/redhistoriapsi.mora.edu.mx\/?page_id=1316","title":{"rendered":"Ana Teresa A. Venancio"},"content":{"rendered":"<p>Formaci\u00f3n profesional<br \/>\nGradua\u00e7\u00e3o em Sociologia e Ci\u00eancia Pol\u00edtica pela Pontif\u00edcia Universidade Cat\u00f3lica do Rio de Janeiro (1985), mestrado em Antropologia Social pelo Museu Nacional\/UFRJ (1990) e doutorado em Antropologia Social tamb\u00e9m pelo Museu Nacional\/UFRJ (1998).<\/p>\n<p>Experiencia profesional<br \/>\nPesquisadora do Departamento de Pesquisa em Hist\u00f3ria das Ci\u00eancias e da Sa\u00fade e Professora do Programa de P\u00f3s-Gradua\u00e7\u00e3o em Hist\u00f3ria das Ci\u00eancias e da Sa\u00fade da Casa de Oswaldo Cruz\/Fiocruz (Brasil).<\/p>\n<p>L\u00edneas de investigaci\u00f3n<br \/>\n-Hist\u00f3ria da Psiquiatria e de outros saberes sobre o ps\u00edquico: pol\u00edticas p\u00fablicas, institui\u00e7\u00f5es e terap\u00eauticas.<br \/>\n-Representa\u00e7\u00f5es antropol\u00f3gicas e psicol\u00f3gicas nas teorias m\u00e9dico-cientificas<br \/>\n-Doen\u00e7as, Diagn\u00f3sticos e identidades<\/p>\n<p>Proyectos de investigaci\u00f3n en curso<br \/>\nAtores, id\u00e9ias, pr\u00e1ticas psiqui\u00e1tricas e constru\u00e7\u00e3o social da diferen\u00e7a (Rio de Janeiro, 1903-1970).<\/p>\n<p>Proyectos de investigaci\u00f3n concluidos<br \/>\n-A pr\u00e1tica psiqui\u00e1trica nos anos de 1940: o caso da Col\u00f4nia Juliano Moreira (Rio de Janeiro, Brasil).<br \/>\n-Ci\u00eancia psiqui\u00e1trica e pol\u00edtica assistencial no Brasil (1940 a 1970)<br \/>\nHist\u00f3ria da Psiquiatria no Brasil: ci\u00eancia e civiliza\u00e7\u00e3o no pensamento de Juliano Moreira<\/p>\n<p>Publicaciones relevantes<br \/>\n<span style=\"color: #000000;\"><a href=\"http:\/\/asclepio.revistas.csic.es\/index.php\/asclepio\/article\/view\/517\/519\" onclick=\"javascript:_gaq.push(['_trackEvent','outbound-article','http:\/\/asclepio.revistas.csic.es']);\" target=\"_blank\" rel=\"noopener\"><span style=\"color: #000000;\">VENANCIO, Ana Teresa A. La asistencia psiqui\u00e1trica en la historia pol\u00edtica brasile\u00f1a. Asclepio (Madrid), v. LXIV, p. 167-188, 2012. <\/span><\/a><\/span><\/p>\n<p><span style=\"color: #000000;\"><a href=\"http:\/\/www.culturaspsi.org\" onclick=\"javascript:_gaq.push(['_trackEvent','outbound-article','http:\/\/www.culturaspsi.org']);\" target=\"_blank\" rel=\"noopener\"><span style=\"color: #000000;\">VENANCIO, Ana Teresa A. . Os alienados segundo Henrique Roxo: ci\u00eancia psiqui\u00e1trica no Brasil no inicio do s\u00e9culo XX. Culturas Psi, v. 1, p. 29, 2012.<\/span><\/a> <\/span><\/p>\n<p><span style=\"color: #000000;\"><a href=\"http:\/\/www.scielo.br\/scielo.php?script=sci_pdf&amp;pid=S0104-59702011000500003&amp;lng=pt&amp;nrm=iso&amp;tlng=pt\" onclick=\"javascript:_gaq.push(['_trackEvent','outbound-article','http:\/\/www.scielo.br']);\" target=\"_blank\" rel=\"noopener\"><span style=\"color: #000000;\">VENANCIO, Ana Teresa A. . Da col\u00f4nia agr\u00edcola ao hospital-col\u00f4nia: configura\u00e7\u00f5es para a assist\u00eancia psiqui\u00e1trica no Brasil na primeira metade do s\u00e9culo XX. Hist\u00f3ria, Ci\u00eancias, Sa\u00fade-Manguinhos (Impresso), v. 18, p. 35-52, 2011. <\/span><\/a><\/span><\/p>\n<p>VENANCIO, Ana Teresa A. ; CASSILIA, Janis Alessandra Pereira . Pol\u00edtica assistencial psiqui\u00e1trica e o caso da Col\u00f4nia Juliano Moreira: exclus\u00e3o e vida social (1940-1954). In: WADI, Yonissa M; SANTOS, N\u00e1dia Maria W. (Org.). WADI, Yonissa M; SANTOS, N\u00e1dia Maria W. (orgs.) Hist\u00f3ria e Loucura: saberes, pr\u00e1ticas e narrativas. Uberlandia: EDUFU, 2010, v. , p. 51-83.<\/p>\n<p><span style=\"color: #000000;\"><a href=\"http:\/\/www.scielo.br\/scielo.php?script=sci_pdf&amp;pid=S0104-59702010000600004&amp;lng=pt&amp;nrm=iso&amp;tlng=en\" onclick=\"javascript:_gaq.push(['_trackEvent','outbound-article','http:\/\/www.scielo.br']);\" target=\"_blank\" rel=\"noopener\"><span style=\"color: #000000;\">VENANCIO, Ana Teresa A. Classifying differences: the dementia praecox and schizophrenia categories used by Brazilian psychiatrists in the 1920s. Hist\u00f3ria, Ci\u00eancias, Sa\u00fade-Manguinhos (Online), v. 17, p. 3, 2010.<\/span><\/a><\/span><\/p>\n<p><span style=\"color: #000000;\"><a href=\"http:\/\/www.frenia-historiapsiquiatria.com\/pdf\/fasciculo%2011\/ANA%20TERESA A. VENANCIO.pdf\" onclick=\"javascript:_gaq.push(['_trackEvent','download','http:\/\/www.frenia-historiapsiquiatria.com\/pdf\/fasciculo%2011\/ANA%20TERESA%20A.%20VENANCIO.pdf']);\" target=\"_blank\" rel=\"noopener\"><span style=\"color: #000000;\">VENANCIO, Ana Teresa A. La creaci\u00f3n del Instituto de Psiquiatr\u00eda de la Universidad de Brasil: ciencia y asistencia psiqui\u00e1trica. Frenia &#8211; Revista de Historia de la Psiquiatr\u00eda, Madrid: Asociaci\u00f3n-Instituto Frenia de Historia de la Psiquiatr\u00eda, v. VII, p. 195-212, 2007.<\/span><\/a><\/span><\/p>\n<p><span style=\"color: #000000;\"><a href=\"http:\/\/www.fundamentalpsychopathology.org\/art\/v09_03\/06.pdf\" onclick=\"javascript:_gaq.push(['_trackEvent','download','http:\/\/www.fundamentalpsychopathology.org\/art\/v09_03\/06.pdf']);\" target=\"_blank\" rel=\"noopener\"><span style=\"color: #000000;\">RUSSO, Jane; VENANCIO, A. T. A. Classificando as pessoas e suas perturba\u00e7\u00f5es: a revolu\u00e7\u00e3o terminol\u00f3gica do DSM III. Revista Latinoamericana de Psicopatologia Fundamental (Impresso), S\u00e3o Paulo, v. IX, n.3, p. 460-483, 2006. <\/span><\/a><\/span><\/p>\n<p><span style=\"color: #000000;\"><a href=\"http:\/\/www.scielo.br\/scielo.php?script=sci_pdf&amp;pid=S0103-73312004000200006&amp;lng=pt&amp;nrm=iso&amp;tlng=pt\" onclick=\"javascript:_gaq.push(['_trackEvent','outbound-article','http:\/\/www.scielo.br']);\" target=\"_blank\" rel=\"noopener\"><span style=\"color: #000000;\">VENANCIO, Ana Teresa A. Doen\u00e7a mental, ra\u00e7a e sexualidade nas teorias psiqui\u00e1tricas de Juliano Moreira. Physis. Revista de Sa\u00fade Coletiva, Rio de Janeiro: Instituto de Medicina Social\/UERJ, v. 14, n. 2, p. 283-305, 2004.<\/span><\/a><\/span><\/p>\n<p>VENANCIO, Ana Teresa A.; CARVALHAL, L\u00e1zara . A classifica\u00e7\u00e3o psiqui\u00e1trica de 1910: ci\u00eancia e civiliza\u00e7\u00e3o para a sociedade brasileira. En: JAC\u00f3-VILELA, A.M.; CEREZZO, A.C.; CONDE, H. (Org.) Clio-Psych\u00e9 Ontem: Fazeres e Dizeres Psi na Hist\u00f3ria do Brasil. 1\u00aa ed. Rio de Janeiro: Relume\/Dumar\u00e1, p. 151-160, 2001.<\/p>\n<p>Otros<br \/>\n<span style=\"color: #000000;\"><a href=\"http:\/\/ppghcs.coc.fiocruz.br\/\" onclick=\"javascript:_gaq.push(['_trackEvent','outbound-article','http:\/\/ppghcs.coc.fiocruz.br']);\" target=\"_blank\" rel=\"noopener\"><span style=\"color: #000000;\">Link do Programa de P\u00f3s-Gradua\u00e7\u00e3o em Historia das Ci\u00eancias e da Sa\u00fade da Casa de Oswaldo Cruz (COC\/Fiocruz)<\/span><\/a> <\/span><br \/>\nCurr\u00edculo completo ver: <span style=\"color: #000000;\"><a href=\"http:\/\/lattes.cnpq.br\/2513666975983699\" onclick=\"javascript:_gaq.push(['_trackEvent','outbound-article','http:\/\/lattes.cnpq.br']);\" target=\"_blank\" rel=\"noopener\"><span style=\"color: #000000;\">http:\/\/lattes.cnpq.br\/2513666975983699<\/span><\/a><\/span><\/p>\n<p>Contacto<br \/>\nanavenancio@coc.fiocruz.br<\/p>\n","protected":false},"excerpt":{"rendered":"<p>Formaci\u00f3n profesional Gradua\u00e7\u00e3o em Sociologia e Ci\u00eancia Pol\u00edtica pela Pontif\u00edcia Universidade Cat\u00f3lica do Rio de Janeiro (1985), mestrado em Antropologia Social pelo Museu Nacional\/UFRJ (1990) e doutorado em Antropologia Social tamb\u00e9m pelo Museu Nacional\/UFRJ (1998). Experiencia profesional Pesquisadora do Departamento de Pesquisa em Hist\u00f3ria das Ci\u00eancias e da Sa\u00fade e Professora do Programa de P\u00f3s-Gradua\u00e7\u00e3o<a class=\"sup-readmore\" href=\"https:\/\/redhistoriapsi.mora.edu.mx\/?page_id=1316\" >Leer m\u00e1s&#8230;<\/a><\/p>\n","protected":false},"author":3,"featured_media":0,"parent":0,"menu_order":0,"comment_status":"open","ping_status":"open","template":"","meta":{"footnotes":""},"post_mailing_queue_ids":[],"_links":{"self":[{"href":"https:\/\/redhistoriapsi.mora.edu.mx\/index.php?rest_route=\/wp\/v2\/pages\/1316"}],"collection":[{"href":"https:\/\/redhistoriapsi.mora.edu.mx\/index.php?rest_route=\/wp\/v2\/pages"}],"about":[{"href":"https:\/\/redhistoriapsi.mora.edu.mx\/index.php?rest_route=\/wp\/v2\/types\/page"}],"author":[{"embeddable":true,"href":"https:\/\/redhistoriapsi.mora.edu.mx\/index.php?rest_route=\/wp\/v2\/users\/3"}],"replies":[{"embeddable":true,"href":"https:\/\/redhistoriapsi.mora.edu.mx\/index.php?rest_route=%2Fwp%2Fv2%2Fcomments&post=1316"}],"version-history":[{"count":6,"href":"https:\/\/redhistoriapsi.mora.edu.mx\/index.php?rest_route=\/wp\/v2\/pages\/1316\/revisions"}],"predecessor-version":[{"id":3392,"href":"https:\/\/redhistoriapsi.mora.edu.mx\/index.php?rest_route=\/wp\/v2\/pages\/1316\/revisions\/3392"}],"wp:attachment":[{"href":"https:\/\/redhistoriapsi.mora.edu.mx\/index.php?rest_route=%2Fwp%2Fv2%2Fmedia&parent=1316"}],"curies":[{"name":"wp","href":"https:\/\/api.w.org\/{rel}","templated":true}]}}