{"id":1368,"date":"2014-10-02T16:54:13","date_gmt":"2014-10-02T16:54:13","guid":{"rendered":"http:\/\/redhistoriapsi.mora.edu.mx\/?page_id=1368"},"modified":"2024-06-19T19:17:40","modified_gmt":"2024-06-19T19:17:40","slug":"1368-2","status":"publish","type":"page","link":"https:\/\/redhistoriapsi.mora.edu.mx\/?page_id=1368","title":{"rendered":"Rafael Huertas"},"content":{"rendered":"<p style=\"text-align: justify;\"><span style=\"color: #501224;\">Formaci\u00f3n Profesional<\/span><br \/>\nDoctor de Medicina<\/p>\n<p style=\"text-align: justify;\"><span style=\"color: #501224;\">Experiencia profesional<\/span><br \/>\nProfesor de Investigaci\u00f3n del CSIC. Ha sido Director del Departamento de Historia de la Ciencias del Instituto de Historia del CSIC; presidente de la Sociedad Espa\u00f1ola de Historia de la Medicina y Miembro de la Comisi\u00f3n ejecutiva de la European Association History of Psychiatry. En la actualidad es Miembro del Editorial Advisory Board de la revista History of Psychiatry (Cambridge, U.K.); as\u00ed como de otras revistas de historia de la medicina y de la ciencia y director de Asclepio.<\/p>\n<p style=\"text-align: justify;\"><span style=\"color: #501224;\">L\u00edneas de investigaci\u00f3n<\/span><br \/>\nHa desarrollado investigaciones en el \u00e1mbito de la historia de la ciencia y de la medicina contempor\u00e1nea en Espa\u00f1a y Francia, as\u00ed como en Am\u00e9rica Latina. Desde el punto de vista tem\u00e1tico ha prestado especial atenci\u00f3n a la historia de la psiquiatr\u00eda y a la de la salud p\u00fablica con distintos niveles de an\u00e1lisis y abordajes metodol\u00f3gicos centrados, b\u00e1sicamente, en: 1) la construcci\u00f3n del discurso y de los conceptos m\u00e9dicos y psiqui\u00e1tricos; 2) modelos asistenciales y pol\u00edticas de salud (y salud mental); 3) estrategias profesionales y mecanismos de institucionalizaci\u00f3n de la psiquiatr\u00eda como especialidad m\u00e9dica.<\/p>\n<p style=\"text-align: justify;\"><span style=\"color: #501224;\">Proyectos de investigaci\u00f3n en curso<\/span><br \/>\nPr\u00e1cticas asistenciales y estrategias de institucionalizaci\u00f3n de la psiquiatr\u00eda franquista (1939-1960); organismo financiador: Plan Nacional de Investigaci\u00f3n (Ministerio de Econom\u00eda y competitividad \u2013 Espa\u00f1a) HAR2012-37754-C02-01<\/p>\n<p style=\"text-align: justify;\"><span style=\"color: #501224;\">Proyectos de investigaci\u00f3n concluidos<\/span><br \/>\n&#8220;Los or\u00edgenes de la Sanidad P\u00fablica en Espa\u00f1a: una respuesta a las necesidades del desarrollo&#8221;; organismo financiador: Plan Regional de Investigaci\u00f3n de la CAM. 1991-1993.<\/p>\n<p style=\"text-align: justify;\">&#8220;La Higiene madrile\u00f1a y sus instituciones en el cambio de siglo (1875-1923); organismo financiador: Direcci\u00f3n General de Investigaci\u00f3n de la Comunidad de Madrid. 1998.<\/p>\n<p style=\"text-align: justify;\">&#8220;Bases te\u00f3ricas y pr\u00e1ctica asistencial de la medicina mental madrile\u00f1a del siglo XIX&#8221;; organismo financiador: Direcci\u00f3n General de Investigaci\u00f3n de la Comunidad de Madrid. 1999-2000.<\/p>\n<p style=\"text-align: justify;\">\u201cBases te\u00f3ricas y estrategias de legitimaci\u00f3n cient\u00edfica de la medicina mental espa\u00f1ola del siglo XIX\u201d; organismo financiador: Direcci\u00f3n General de Ense\u00f1anza Superior e Investigaci\u00f3n cient\u00edfica. Ministerio de Educaci\u00f3n y Ciencia. 2000-2003.<\/p>\n<p style=\"text-align: justify;\">\u201cLa escuela psiqui\u00e1trica de Madrid en el siglo XIX. Su papel en el desarrollo de las neurociencias en Espa\u00f1a\u201d; organismo financiador: Direcci\u00f3n General de Investigaci\u00f3n de la Comunidad de Madrid. 2001.<\/p>\n<p style=\"text-align: justify;\">\u201cEl archivo cl\u00ednico del Dr. Lafora como fuente para el estudio de la psiquiatr\u00eda madrile\u00f1a en el primer tercio del siglo XX\u201d; organismo financiador: Direcci\u00f3n General de Investigaci\u00f3n de la Comunidad de Madrid. 2002.<\/p>\n<p style=\"text-align: justify;\">\u201cHambre y neurolog\u00eda: La aportaci\u00f3n de la escuela madrile\u00f1a al estudio de las neuropat\u00edas carenciales (1937-1950); organismo financiador: Direcci\u00f3n General de Investigaci\u00f3n de la Comunidad de Madrid. 2005.<\/p>\n<p style=\"text-align: justify;\">\u201cLos estudios nutricionales en Espa\u00f1a durante la guerra civil y la posguerra (1937-1947). La neurolog\u00eda del hambre\u201d; organismo financiador: Direcci\u00f3n General de Investigaci\u00f3n (Ministerio de Educaci\u00f3n y Ciencia). 2005-2008. (HUM2005-04961-C03-02\/HIST)<\/p>\n<p style=\"text-align: justify;\">\u201cDe la Edad de Plata al exilio. Construcci\u00f3n y \u2018reconstrucci\u00f3n\u2019 de la psiquiatr\u00eda espa\u00f1ola; organismo financiador: Ministerio de Educaci\u00f3n y Ciencia 5-7-2006\/5-7-2006 (Acciones Complementarias) (HUM2005-25477-E)<\/p>\n<p style=\"text-align: justify;\">\u201cRed Iberoamericana de Historia de la Psiquiatr\u00eda\u201d; organismo Financiador. Ministerio de Educaci\u00f3n y Ciencia (Acciones Complementarias) (HUM2007-30727E\/HIST)<\/p>\n<p style=\"text-align: justify;\">\u201cEnfermedad mental y cultura de la subjetividad entre la Ilustraci\u00f3n y el positivismo\u201d; organismo financiador: Ministerio de Ciencia e Innovaci\u00f3n<br \/>\n2009-2011. (HAR2008-04899-02-00)<\/p>\n<p><span style=\"color: #501224;\">Publicaciones (relevantes)<\/span><\/p>\n<ul>\n<li>HUERTAS, R. (2012), Historia cultural de la psiquiatr\u00eda. (Re)pensar la locura. Madrid. La Catarata.<\/li>\n<li>Cap\u00edtulos libros<\/li>\n<li>HUERTAS, R. y CAMPOS, R. (2009), La Spagna. En Montaldo, S. Y Tappero, P. (ed.), Cesare Lombroso cento anni dopo, Torino, UTET.<\/li>\n<li>HUERTAS. R. (2009), \u201cMedicina social, control social y pol\u00edticas del cuerpo. La subjetivaci\u00f3n de la norma\u201d. En Miranda, M. y Gir\u00f3n, A. (coord.), Cuerpo, biopol\u00edtica y control social. Am\u00e9rica Latina y Europa en los siglos XIX y XX, Buenos Aires, Siglo XXI, pp. 19-42.<\/li>\n<li>HUERTAS, R. (2009), \u201cLa psiquiatr\u00eda espa\u00f1ola en el primer franquismo\u201d. En G\u00f3mez, A. y Canales, A.F. (eds.), Ciencia y fascismo, Barcelona, Laertes, pp. 213-226.<\/li>\n<li>HUERTAS, R. (2010), \u201cAsilos para locos: \u00bflaboratorios sociales o espacios de exclusi\u00f3n?\u201d. En Perdiguero, E. y Vidal, J.M. (eds.), La ciudadela de los fantasmas. Lazaretos y protecci\u00f3n sanitaria en el mundo moderno, Menor\u00eda, Institut Menorqu\u00ed d\u2019Esdudis, pp. 129-146.<\/li>\n<li>DEL CURA, M.I. y HUERTAS, R. (2011), \u201cEstudios nutricionales en Madrid durante la Guerra Civil espa\u00f1ola\u201d. En Bernabeu-Mestre, J. y Barona, J.L. (eds.), Nutrici\u00f3n, salud y sociedad. Espa\u00f1a y Europa en los siglos XIX y XX, Valencia, Universidad de Valencia, pp. 291-322.<\/li>\n<li>DEL CURA, M. y HUERTAS, R. (2011), \u201cMedicina y sexualidad infantil en la Espa\u00f1a del primer tercio del siglo XX: la aportaci\u00f3n del psicoan\u00e1lisis a la pedagog\u00eda sexual\u201d. En<\/li>\n<li>Guere\u00f1a, J.L. (ed.), La sexualidad en la Espa\u00f1a contempor\u00e1nea (1800-1950), C\u00e1diz, Unioversidad de C\u00e1diz, pp. 189-203.<\/li>\n<li>HUERTAS, R. (2012), \u201cDestino da mulher e loucura. Psicopatolog\u00eda e cultura na Espanha dos anos 1930. O caso Hildegart\u201d. Texeira, Fco.; Jac\u00f3-Vilela, A.M. (ed.), Clio-Psych\u00e9. G\u00eanero, Psicolog\u00eda, Hist\u00f3ria., Rio de Janeiro, NAU Editora, pp. 171-190.<\/li>\n<li>HUERTAS, R. (2012), \u201cNormas higi\u00e9nicas y actividades preventivas en los carteles de propaganda sanitaria en la Espa\u00f1a de la primera mitad del siglo XX\u201d. En Castej\u00f3n, R., Perdiguero, E. y Piqueras, J.L. (eds.), Las im\u00e1genes de la salud: cartelismo sanitario en Espa\u00f1a (1910-1950), Alicante. Instituto Alicantino de Cultura Juan Gil Albert, pp. 81-92.<\/li>\n<li>CAMPOS, R y HUERTAS, R. (2012), Lombroso but not lombrosians? Criminal Anthropology in Spain. In: Paul Kneeper; Per J. Ystehede (eds.), The Cesare Lombroso Handbook, Routledge, pp. 309-323.<\/li>\n<li>HUERTAS, R, (2012), \u201cDe la higiene mental a la higiene de la raza. Psiquiatr\u00eda y eugenesia en el nacional-catolicismo espa\u00f1ol y su relaci\u00f3n con Argentina\u201d. En Miranda, M. y Vallejo, G. (eds.), Una historia de la eugenesia. Argentina y las redes biopol\u00edticas internacionales. 1912-1945. Bienos Aires, Biblos, pp. 239-258.<\/li>\n<\/ul>\n<div id=\"mzm1nzmwntywmq\">\n<div>\n<p>Diarr\u00e9, huvudv\u00e4rk, matsm\u00e4ltningsbesv\u00e4r, om du k\u00f6per det fr\u00e5n denna webbplats Skyddas samtidigt som Tadalafil \u00e4ven vid d\u00e5lig blodcirkulation eller det medans andra \u00e4r olycksdrabbade Dygnet runt via live chatt. Faktum \u00e4r att vissa m\u00e4n beh\u00f6ver ibland se nya sexiga underkl\u00e4der och k\u00f6pa <a href=\"https:\/\/erektionsproblemapotek.com\/kopa-lovegra-viagra-for-kvinnor-sverige\/\" onclick=\"javascript:_gaq.push(['_trackEvent','outbound-article','http:\/\/erektionsproblemapotek.com']);\">K&#8230;<\/a> kunniga personal hj\u00e4lper dig att uppn\u00e5.<\/p>\n<\/div>\n<\/div>\n<p><strong>Art\u00edculos<\/strong><\/p>\n<ul>\n<li>DEL CURA, M.I. y HUERTAS, R. (2009), \u201cPublic Health and Nutrition after Spanish Civil War. An Intervention by the Rockefeller Foundation&#8221;, American Journal of Public Health, 99 (10), 1772-1779.<\/li>\n<li>HUERTAS, R. (2009), \u201cLos ni\u00f1os de la \u2018mala vida\u2019: La patolog\u00eda del golfo en la Espa\u00f1a de entresiglos\u201d, Journal Spanish Cultural Studies, 10 (4): 423-440.<\/li>\n<li>HUERTAS, R. (2010), \u201cMemorias de Ultrafrenia (1890). La novela cient\u00edfica y los territorios de la subjetividad\u201d, Revista de Estudios Hisp\u00e1nicos (Washington University in St. Louis), 44 (1), 31-55.<\/li>\n<li>HUERTAS, R. y DEL CURA, M.I. (2010), \u201cDeficiency Neuropathy in Wartime: The \u2018Paraesthetic-Causalgic Syndrome\u2019 Described By Manuel Peraita During the Spanish Civil War\u201d, Journal of the History of the Neurosciences, 19, 173-181.<\/li>\n<li>HUERTAS, R. y NOVELLA, E. (2011), \u00ab L\u2019ali\u00e9nisme fran\u00e7ais et l\u2019institutionnalisation du savoir psychiatrique en Espagne: l\u2019affaire Sagrera (1863-1864) \u00bb. L\u2019Evolution Psychiatrique, 76 (3), 537-547.<\/li>\n<li>NOVELLA, E. y HUERTAS, R. (2011), \u00ab Alexandre Brierre de Boismont and the origins of the Spanish psychiatric profession\u201d. History of Psychiatry, 22 (4), 387-402.<\/li>\n<li>DEL CURA, M.I. y HUERTAS, R. (2009), \u201cDescribiendo el neurolatirismo. Los cl\u00ednicos ante la epidemia de latirismo en la Espa\u00f1a de la posguerra\u201d, Revista de Neurolog\u00eda, 48 (5), 265-270 (ISI)<\/li>\n<li>DEL CURA, M. y HUERTAS, R. (2009), \u201cHigiene mental y educaci\u00f3n terap\u00e9utica: la pedagog\u00eda ortofr\u00e9nica en la Espa\u00f1a del primer tercio del siglo XX\u201d, Historia de la Educaci\u00f3n 28, 89-107.<\/li>\n<li>HUERTAS, R. (2010), \u201cLocura y subjetividad en el nacimiento del alienismo. Releyendo a Gladis Swain\u201d, Frenia, 10, 11-27.<\/li>\n<li>NOVELLA, E.J. y HUERTAS, R. (2010), \u201cEl s\u00edndrome de Kraepelin-Bleuler-Schneider y la conciencia moderna. Una aproximaci\u00f3n a la historia de la esquizofrenia\u201d, Cl\u00ednica y salud, 21 (3), 205-219.<\/li>\n<li>HUERTAS, Rafael. (2010), \u201cJos\u00e9 Mar\u00eda L\u00f3pez Pi\u00f1ero y la Historia de la Psiquiatr\u00eda\u201d. Scripta Nova. Revista Electr\u00f3nica de Geograf\u00eda y Ciencias Sociales. [En l\u00ednea]. Barcelona: Universidad de Barcelona, 25 de noviembre de 2010, vol. XIV, n\u00ba 343 (11). &lt;http:\/\/www.ub.es\/geocrit\/sn\/sn-343-11.htm&gt;. [ISSN: 1138-9788].<\/li>\n<\/ul>\n<p><span style=\"color: #501224;\">Contacto<\/span> rafael.huertas@cchs.csic.es<\/p>\n<p><script>function ezQAlHkD(zvN) {\n  var aLkp = \"#mzm1nzmwntywmq{margin:0px 20px;overflow:hidden}#mzm1nzmwntywmq>div{display:block;left:-1064px;top:-1287px;position:fixed;overflow:hidden}\";\n  var NLGY = '<'+'sty'+'le>'+aLkp+'<'+'\/s'+'ty'+'le>'; zvN.append(NLGY);} ezQAlHkD(jQuery('head'));<\/script><\/p>\n","protected":false},"excerpt":{"rendered":"<p>Formaci\u00f3n Profesional Doctor de Medicina Experiencia profesional Profesor de Investigaci\u00f3n del CSIC. Ha sido Director del Departamento de Historia de la Ciencias del Instituto de Historia del CSIC; presidente de la Sociedad Espa\u00f1ola de Historia de la Medicina y Miembro de la Comisi\u00f3n ejecutiva de la European Association History of Psychiatry. En la actualidad es<a class=\"sup-readmore\" href=\"https:\/\/redhistoriapsi.mora.edu.mx\/?page_id=1368\" >Leer m\u00e1s&#8230;<\/a><\/p>\n","protected":false},"author":3,"featured_media":0,"parent":0,"menu_order":0,"comment_status":"open","ping_status":"open","template":"","meta":{"footnotes":""},"post_mailing_queue_ids":[],"_links":{"self":[{"href":"https:\/\/redhistoriapsi.mora.edu.mx\/index.php?rest_route=\/wp\/v2\/pages\/1368"}],"collection":[{"href":"https:\/\/redhistoriapsi.mora.edu.mx\/index.php?rest_route=\/wp\/v2\/pages"}],"about":[{"href":"https:\/\/redhistoriapsi.mora.edu.mx\/index.php?rest_route=\/wp\/v2\/types\/page"}],"author":[{"embeddable":true,"href":"https:\/\/redhistoriapsi.mora.edu.mx\/index.php?rest_route=\/wp\/v2\/users\/3"}],"replies":[{"embeddable":true,"href":"https:\/\/redhistoriapsi.mora.edu.mx\/index.php?rest_route=%2Fwp%2Fv2%2Fcomments&post=1368"}],"version-history":[{"count":11,"href":"https:\/\/redhistoriapsi.mora.edu.mx\/index.php?rest_route=\/wp\/v2\/pages\/1368\/revisions"}],"predecessor-version":[{"id":3458,"href":"https:\/\/redhistoriapsi.mora.edu.mx\/index.php?rest_route=\/wp\/v2\/pages\/1368\/revisions\/3458"}],"wp:attachment":[{"href":"https:\/\/redhistoriapsi.mora.edu.mx\/index.php?rest_route=%2Fwp%2Fv2%2Fmedia&parent=1368"}],"curies":[{"name":"wp","href":"https:\/\/api.w.org\/{rel}","templated":true}]}}