{"id":1641,"date":"2015-01-23T18:18:47","date_gmt":"2015-01-23T18:18:47","guid":{"rendered":"http:\/\/redhistoriapsi.mora.edu.mx\/?page_id=1641"},"modified":"2024-06-19T19:16:15","modified_gmt":"2024-06-19T19:16:15","slug":"olga-villasante","status":"publish","type":"page","link":"https:\/\/redhistoriapsi.mora.edu.mx\/?page_id=1641","title":{"rendered":"Olga Villasante Armas"},"content":{"rendered":"<p><span style=\"color: #501224;\">Formaci\u00f3n Profesional<\/span><br \/>\n<span style=\"color: #000000;\">Especialista en Psiquiatr\u00eda (1995).<\/span><br \/>\n<span style=\"color: #000000;\">Doctora en Medicina UAM (1997).<\/span><\/p>\n<p><span style=\"color: #501224;\">Experiencia Profesional<\/span><br \/>\n<span style=\"color: #000000;\">M\u00e9dico residente de psiquiatr\u00eda en el IPSSM Jos\u00e9 Germain (Legan\u00e9s), 1991-1994.<\/span><br \/>\n<span style=\"color: #000000;\">Facultativo especialista de \u00e1rea de psiquiatr\u00eda en el CSM de Fuenlabrada, 1995-1997.<\/span><br \/>\n<span style=\"color: #000000;\">Facultativo especialista en psiquiatr\u00eda en el Hospital Universitario Severo Ochoa, desde 1998 hasta la actualidad<\/span><\/p>\n<p><span style=\"color: #501224;\">L\u00edneas de Investigaci\u00f3n<\/span><br \/>\n<span style=\"color: #000000;\">Estudio de las historias cl\u00ednicas del Manicomio de Santa Isabel de Legan\u00e9s (1900-1960).<\/span><br \/>\n<span style=\"color: #000000;\">Asistencia de enfermos mentales durante la Guerra Civil Espa\u00f1ola (1936-1939)<\/span><\/p>\n<p><span style=\"color: #501224;\">Proyectos de investigaci\u00f3n en curso<\/span><br \/>\n<span style=\"color: #000000;\">\u201cPr\u00e1cticas asistenciales y estrategias de institucionalizaci\u00f3n de la psiquiatr\u00eda franquista (1939-1960), cuyo investigador principal es Ricardo Jos\u00e9 Campos Mar\u00edn (Instituto De Historia, Centro de Ciencias Humanas y Sociales. CSIC)\u201d. Este Proyecto Ha Sido Solicitado en el marco del VI Plan Nacional de Investigaci\u00f3n Cient\u00edfica, Desarrollo e Innovaci\u00f3n Tecnol\u00f3gica 2008-2011, y concedido para el periodo 2013-2016.<\/span><\/p>\n<p><span style=\"color: #501224;\">Proyectos de investigaci\u00f3n concluidos<\/span><\/p>\n<ul>\n<li><span style=\"color: #000000;\">\u201cTeor\u00eda y pr\u00e1ctica de la asistencia psiquiatrita en Espa\u00f1a (1849-1936)\u201d; Ministerio de Ciencia y Tecnolog\u00eda: BHA 2003-01664<\/span><\/li>\n<li><span style=\"color: #000000;\">\u201cLos estudios nutricionales en Espa\u00f1a durante la Guerra Civil y la postguerra (1937-1948)\u201d; Ministerio de Ciencia y Tecnolog\u00eda, Direcci\u00f3n General De Investigaci\u00f3n Direcci\u00f3n General De Investigaci\u00f3n: HUM2005-04961-C03-02\/HIST;<\/span><\/li>\n<li><span style=\"color: #000000;\">\u201cLa aportaci\u00f3n de la escuela madrile\u00f1a al estudio de las neuropat\u00edas carenciales\u201d; comunidad de Madrid-06\/HSE\/0400\/2004.<\/span><\/li>\n<li><span style=\"color: #000000;\">\u201cLos estudios nutricionales en Espa\u00f1a durante la Guerra Civil y la posguerra (1937-1947). La neurolog\u00eda del hambre\u201d; Ministerio de Ciencia y Tecnolog\u00eda. Direcci\u00f3n General de Investigaci\u00f3n: HUM2005-04961-C03-02.<\/span><\/li>\n<li><span style=\"color: #000000;\">\u201cEnfermedad Mental y cultura de la subjetividad: entre la ilustraci\u00f3n y el positivismo\u201d; Financiado por el Ministerio de Ciencia e Innovaci\u00f3n, HAR08-04899-C02-01. <\/span><\/li>\n<li><span style=\"color: #000000;\">\u201cEstudio de los factores predictores de astenia cr\u00f3nica sin causa etiol\u00f3gica en atenci\u00f3n primaria\u201d; financiado por el Instituto de Salud Carlos III, PI041755 \u201c<\/span><\/li>\n<\/ul>\n<p><span style=\"color: #501224;\">Publicaciones (relevantes)<\/span><br \/>\nVILLASANTE, O. (2014), &#8220;De convento de dominicos a nosocomio y frenocomio de guerra: el Hospital Subalterno de Almagro (1937-1939)&#8221;. <em>Revista de Estudios Manchegos<\/em>, 39, 73-123<\/p>\n<p>VILLASANTE, O., CANDELA, R. (2014), &#8220;El Manicomio de Legan\u00e9s en los albores del siglo XX: Jos\u00e9 Salas y Vaca como jefe facultativo&#8221;<em>. <\/em>En: Brigidi Serena, Comelles JosepM.(eds). <em>Locuras, cultura e historia. Tarragona: Publicacions URV: pp. 67-85<\/em><\/p>\n<p>VILLASANTE, O. (2013), &#8220;Primeros intentos de profesionalizaci\u00f3n de la enfermer\u00eda psiqui\u00e1trica: de la Segunda Rep\u00fablica a la Posguerra Espa\u00f1ola&#8221;. En: SIM\u00d3N, D, G\u00d3MEZ, C, CIBEIRA, A, VILLASANTE, O. (editors). <em>Raz\u00f3n, locura y sociedad. Una mirada a la historia desde el siglo XXI<\/em>. Madrid: Asociaci\u00f3n Espa\u00f1ola de Neuropsiquiatr\u00eda; 315-329.<\/p>\n<p>SIM\u00d3N, D, G\u00d3MEZ, C, CIBEIRA, A, VILLASANTE, O. (2013) (editors). <em>Raz\u00f3n, locura y sociedad. Una mirada a la historia desde el siglo XXI<\/em>. Madrid: Asociaci\u00f3n Espa\u00f1ola de Neuropsiquiatr\u00eda; 2013, 315-329.<\/p>\n<p>VILLASANTE, O. (2011), \u201cLa pol\u00e9mica en torno a los manicomios, 1916\u201d, Revista de la Asociaci\u00f3n Espa\u00f1ola de Neuropsiquiatr\u00eda, 31 (112): 767-789.<\/p>\n<p>CANDELA, R., VILLASANTE, O. (2011), \u201cLas historias cl\u00ednicas del manicomio de Legan\u00e9s (1924-1931): Enrique Fern\u00e1ndez Sanz y la nosolog\u00eda kraepeliniana\u201d, en MARTINEZ AZUMENDI, O, SAGASTI LEGARDA, N., VILLASANTE, O. (Eds.) (2011), Del Pleistoceno A Nuestros D\u00edas: Contribuciones A La Historia De La Psiquiatr\u00eda, Madrid, AEN, pp. 201-220.<\/p>\n<p>MARTINEZ AZUMENDI, O., SAGASTI LEGARDA, N., VILLASANTE, O. (2011) (Ed.), <em>Del Pleistoceno A Nuestros D\u00edas. Contribuciones A La Historia De La Psiquiatr\u00eda<\/em>, Madrid, AEN.<\/p>\n<p>VILLASANTE, O. (2010), &#8220;Los viajes de los \u201cdementes\u201d del Provincial de Madrid durante la Guerra Civil (1936-1939)&#8221;. <em>Revista de la Asociaci\u00f3n Espa\u00f1ola de Neuropsiquiatr\u00eda<\/em>; 30 (108): 613-635.<\/p>\n<p>VILLASANTE, O. (2010), \u201cWar Neurosis\u201d during Spanish Civil War in Madrid (1936-39)&#8221;, <em>History of Psychiatry<\/em>, 21(4), 424-435.<\/p>\n<p>VILLASANTE, O. (2009), \u201cGregorio Bergmann y la neurosis de guerra en el Madrid de la Guerra Civil Espa\u00f1ola\u201d, <em>Temas de historia de la psiquiatr\u00eda argentina<\/em>, 27, 13-20<\/p>\n<p>VILLASANTE, O. (2008), <em>Orden y norma en el Manicomio de Legan\u00e9s (1851-1900): el discurrir diario del paciente decimon\u00f3nico<\/em>, Frenia; 8: 33-68.<\/p>\n<p>VILLASANTE, O., REY, A., MART\u00cd, J. V. (2008), &#8220;Jos\u00e9 M\u00aa Villaverde: retrato de un desconocido&#8221;, <em>Medicina e Historia<\/em>, 1.<\/p>\n<p>VILLASANTE, O., VAZQUEZ DE LA TORRE, P., TIERNO, P., (2008), \u201cLa Guerra Civil en el Hospital Psiqui\u00e1trico de Legan\u00e9s: aproximaci\u00f3n de un estudio a la poblaci\u00f3n manicomial\u201d, MARTINEZ PEREZ, J., EST\u00c9VEZ, J., DEL CURA, M., BLAS, L.V., <em>La gesti\u00f3n de la locura: conocimiento, pr\u00e1cticas y escenarios (Espa\u00f1a, siglos XIX \u2013XX)<\/em>, Ediciones Universidad de Castilla-La Mancha.<\/p>\n<p>CAMPOS, R., VILLASANTE, O. HUERTAS, R, (2007) (Ed.), <em>De la Edad de Plata al exilio. Construcci\u00f3n y \u2018reconstrucci\u00f3n\u2019 de la psiquiatr\u00eda espa\u00f1ola<\/em>, Madrid, Frenia<\/p>\n<p>TIERNO, R.; V\u00c1ZQUEZ DE LA TORRE, P.; VILLASANTE, O., (2007), \u201cEl Manicomio Nacional de Legan\u00e9s: entre la reforma legislativa y la pr\u00e1ctica asistencial\u201d, CAMPOS, R., VILLASANTE, O., HUERTAS, R., <em>De La \u00abEdad De Plata Al Exilio\u00bb. Construcci\u00f3n y \u00abReconstrucci\u00f3n\u00bb de la psiquiatr\u00eda espa\u00f1ola<\/em>, Madrid, Frenia.<\/p>\n<p>TIERNO, R., V\u00c1ZQUEZ DE LA TORRE, P., VILLASANTE, O., (2007), &#8220;La reforma psiqui\u00e1trica durante la Segunda Rep\u00fablica en el Manicomio Nacional de Legan\u00e9s&#8221;, en CAMPOS, R., MONTIEL, L., HUERTAS, R., <em>Medicina, ideolog\u00eda e historia en Espa\u00f1a (Siglos XVI-XXI)<\/em>, Madrid, CSIC.<\/p>\n<p>VILLASANTE, O. (2005), <em>Las instituciones psiqui\u00e1tricas madrile\u00f1as en el per\u00edodo de entre siglos<\/em>, Frenia; 5: 69-99<\/p>\n<p>VILLASANTE, O. (2003) \u201cThe unfullfilled project of the model Mental Hospital in Spain: fifty years of the Santa Isabel Madhouse, Legan\u00e9s (1851-1900)\u201d.<em> Hist. Psychiatry<\/em>; 14 (1), 3-23<\/p>\n<p>VILLASANTE, O. (2000), <em>La introducci\u00f3n del concepto de par\u00e1lisis general progresiva en la psiquiatr\u00eda decimon\u00f3nica espa\u00f1ola<\/em>, Asclepio, 52 (1), 53-72.<\/p>\n<p><span style=\"color: #501224;\">Otros<\/span><br \/>\nProfesora de psiquiatr\u00eda en la Universidad Alfonso X El Sabio<\/p>\n<p>Presidente de la secci\u00f3n de Historia de la Asociaci\u00f3n Espa\u00f1ola de Neuropsiquiatr\u00eda<\/p>\n<p>Colaborador docente en el Programa de Formaci\u00f3n de MIR del Instituto Psiqui\u00e1trico SSM Jos\u00e9 Germain de Legan\u00e9s, desde 1995 hasta la actualidad.<\/p>\n<p>Direcci\u00f3n de tesis doctorales:<br \/>\nV\u00c1ZQUEZ DE LA TORRE, P. (2012) El Manicomio Nacional de Santa Isabel en Legan\u00e9s durante la Guerra Civil espa\u00f1ola (1936-1939). Poblaci\u00f3n manicomial y pr\u00e1cticas asistenciales, Tesis doctoral UCM.<\/p>\n<p>CONSEGLIERI, A. (2013): El Manicomio Nacional de Legan\u00e9s en la posguerra espa\u00f1ola (1939-1952). Aspectos organizativos y cl\u00ednicos asistenciales, Tesis doctoral UCM.<\/p>\n<p><span style=\"color: #501224;\">Contacto: <\/span>ovillasante.hsvo@salud.madrid.org<\/p>\n<p>&nbsp;<\/p>\n","protected":false},"excerpt":{"rendered":"<p>Formaci\u00f3n Profesional Especialista en Psiquiatr\u00eda (1995). Doctora en Medicina UAM (1997). Experiencia Profesional M\u00e9dico residente de psiquiatr\u00eda en el IPSSM Jos\u00e9 Germain (Legan\u00e9s), 1991-1994. Facultativo especialista de \u00e1rea de psiquiatr\u00eda en el CSM de Fuenlabrada, 1995-1997. Facultativo especialista en psiquiatr\u00eda en el Hospital Universitario Severo Ochoa, desde 1998 hasta la actualidad L\u00edneas de Investigaci\u00f3n Estudio<a class=\"sup-readmore\" href=\"https:\/\/redhistoriapsi.mora.edu.mx\/?page_id=1641\" >Leer m\u00e1s&#8230;<\/a><\/p>\n","protected":false},"author":3,"featured_media":0,"parent":0,"menu_order":0,"comment_status":"open","ping_status":"open","template":"","meta":{"footnotes":""},"post_mailing_queue_ids":[],"_links":{"self":[{"href":"https:\/\/redhistoriapsi.mora.edu.mx\/index.php?rest_route=\/wp\/v2\/pages\/1641"}],"collection":[{"href":"https:\/\/redhistoriapsi.mora.edu.mx\/index.php?rest_route=\/wp\/v2\/pages"}],"about":[{"href":"https:\/\/redhistoriapsi.mora.edu.mx\/index.php?rest_route=\/wp\/v2\/types\/page"}],"author":[{"embeddable":true,"href":"https:\/\/redhistoriapsi.mora.edu.mx\/index.php?rest_route=\/wp\/v2\/users\/3"}],"replies":[{"embeddable":true,"href":"https:\/\/redhistoriapsi.mora.edu.mx\/index.php?rest_route=%2Fwp%2Fv2%2Fcomments&post=1641"}],"version-history":[{"count":12,"href":"https:\/\/redhistoriapsi.mora.edu.mx\/index.php?rest_route=\/wp\/v2\/pages\/1641\/revisions"}],"predecessor-version":[{"id":1666,"href":"https:\/\/redhistoriapsi.mora.edu.mx\/index.php?rest_route=\/wp\/v2\/pages\/1641\/revisions\/1666"}],"wp:attachment":[{"href":"https:\/\/redhistoriapsi.mora.edu.mx\/index.php?rest_route=%2Fwp%2Fv2%2Fmedia&parent=1641"}],"curies":[{"name":"wp","href":"https:\/\/api.w.org\/{rel}","templated":true}]}}