{"id":258,"date":"2013-06-18T19:36:51","date_gmt":"2013-06-18T19:36:51","guid":{"rendered":"http:\/\/rihpblog.wordpress.com\/?page_id=258"},"modified":"2024-06-19T18:45:34","modified_gmt":"2024-06-19T18:45:34","slug":"encuentros-de-la-rihp","status":"publish","type":"page","link":"https:\/\/redhistoriapsi.mora.edu.mx\/?page_id=258","title":{"rendered":"Encuentros de la Red Iberoamericana de Historia de la Psiquiatr\u00eda"},"content":{"rendered":"<p>La Red Iberoamericana de Historia de la Psiquiatr\u00eda, creada oficialmente en 2008, surge de la necesidad constatada de aunar esfuerzos, de poner en contacto a los\/las investigadores\/as, de favorecer el di\u00e1logo internacional en el \u00e1rea Iberoamericana -sin renunciar al intercambio con otros \u00e1mbitos geogr\u00e1ficos y socio-culturales- y de propiciar trabajos conjuntos y comparados que permitan establecer un espacio de discusi\u00f3n en libertad y de fruct\u00edfera colaboraci\u00f3n cient\u00edfica. Las dos primeras reuniones de la Red se celebraron en el marco de Congresos m\u00e1s amplios que nos brindaron su infraestructura y nos facilitaron una mayor visibilidad.<br \/>\nEnseguida compartimos con ustedes la informaci\u00f3n de cada uno de nuestros Encuentros.<\/p>\n<p>Entre los d\u00edas 21 y 23 de septiembre de 2023 tuvo lugar el <span style=\"color: #800000;\"><strong>VIII Encuentro<\/strong><\/span>\u00a0de la RIHP\u00a0en la ciudad de Buenos Aires, Argentina, en el emblem\u00e1tico Hospital Jos\u00e9 Tiburcio Borda. En dicho Encuentro se con<img decoding=\"async\" loading=\"lazy\" class=\"alignleft wp-image-3153\" src=\"https:\/\/redhistoriapsi.mora.edu.mx\/wp-content\/uploads\/2023\/10\/Cartel_ok-VIII-Encuentro-BS-AR-225x300.png\" alt=\"Cartel_ VIII Encuentro BS AR\" width=\"225\" height=\"300\" srcset=\"https:\/\/redhistoriapsi.mora.edu.mx\/wp-content\/uploads\/2023\/10\/Cartel_ok-VIII-Encuentro-BS-AR-225x300.png 225w, https:\/\/redhistoriapsi.mora.edu.mx\/wp-content\/uploads\/2023\/10\/Cartel_ok-VIII-Encuentro-BS-AR-768x1024.png 768w, https:\/\/redhistoriapsi.mora.edu.mx\/wp-content\/uploads\/2023\/10\/Cartel_ok-VIII-Encuentro-BS-AR.png 1728w\" sizes=\"(max-width: 225px) 100vw, 225px\" \/>memor\u00f3 el XV Aniversario de la fundaci\u00f3n de la Red. Adem\u00e1s de la discusi\u00f3n de ponencias en formato presencial y virtual, se presentaron libros publicados por integrantes de la Red. Como colof\u00f3n del evento, tuvo lugar una visita al Museo del Hospital Borda, que cumpli\u00f3 160 a\u00f1os de su fundaci\u00f3n. El <em>VIII Encuentro<\/em> estuvo auspiciado por el Cap\u00edtulo de Epistemolog\u00eda e Historia de la Psiquiatr\u00eda de APSA bajo la coordinaci\u00f3n de Norberto Aldo Conti. <span style=\"color: #333399;\"><a href=\"https:\/\/redhistoriapsi.mora.edu.mx\/wp-content\/uploads\/2023\/10\/RIHP-2023-PROGRAMA.pdf\" onclick=\"javascript:_gaq.push(['_trackEvent','download','http:\/\/redhistoriapsi.mora.edu.mx\/wp-content\/uploads\/2023\/10\/RIHP-2023-PROGRAMA.pdf']);\">Programa<\/a>. <a href=\"https:\/\/redhistoriapsi.mora.edu.mx\/wp-content\/uploads\/2023\/10\/VIII-ENCUENTRO-RES%C3%9AMENES.pdf\" onclick=\"javascript:_gaq.push(['_trackEvent','download','http:\/\/redhistoriapsi.mora.edu.mx\/wp-content\/uploads\/2023\/10\/VIII-ENCUENTRO-RES%C3%9AMENES.pdf']);\">Res\u00famenes.<\/a> <a href=\"https:\/\/redhistoriapsi.mora.edu.mx\/wp-content\/uploads\/2023\/10\/X-PRESENTACIONES-DE-LIBROS.pdf\" onclick=\"javascript:_gaq.push(['_trackEvent','download','http:\/\/redhistoriapsi.mora.edu.mx\/wp-content\/uploads\/2023\/10\/X-PRESENTACIONES-DE-LIBROS.pdf']);\">Presentaciones de Libros<\/a><\/span><\/p>\n<p><a href=\"https:\/\/redhistoriapsi.mora.edu.mx\/wp-content\/uploads\/2013\/07\/VII-Encuentro-Cartel_2018.doc.png\" ><img decoding=\"async\" loading=\"lazy\" class=\"alignright wp-image-2408 size-medium\" src=\"https:\/\/redhistoriapsi.mora.edu.mx\/wp-content\/uploads\/2013\/07\/VII-Encuentro-Cartel_2018.doc-213x300.png\" alt=\"VII Encuentro, Colombia 2018\" width=\"213\" height=\"300\" srcset=\"https:\/\/redhistoriapsi.mora.edu.mx\/wp-content\/uploads\/2013\/07\/VII-Encuentro-Cartel_2018.doc-213x300.png 213w, https:\/\/redhistoriapsi.mora.edu.mx\/wp-content\/uploads\/2013\/07\/VII-Encuentro-Cartel_2018.doc.png 629w\" sizes=\"(max-width: 213px) 100vw, 213px\" \/><\/a><\/p>\n<p>El <strong><span style=\"color: #800000;\">VII Encuentro<\/span>\u00a0<\/strong><em>de la RIHP\u00a0<\/em>tuvo lugar en la ciudad de Medell\u00edn, Colombia, del 6 al 7 de diciembre de 2018 con sede en la Universidad de Antioquia. Cont\u00f3 con una secci\u00f3n dedicada a la presentaci\u00f3n de libros publicados por miembros de la Red y estuvo auspiciado por la Universidad de Antioquia, la Red Colombiana en Historia de la Salud Mental y el Grupo Historia de la Salud.\u00a0\u00a0<span style=\"color: #333399;\">P<a href=\"https:\/\/redhistoriapsi.mora.edu.mx\/wp-content\/uploads\/2019\/10\/VII-Encuentro-Programa_2018.pdf\" onclick=\"javascript:_gaq.push(['_trackEvent','download','http:\/\/redhistoriapsi.mora.edu.mx\/wp-content\/uploads\/2019\/10\/VII-Encuentro-Programa_2018.pdf']);\"><span style=\"color: #333399;\">rograma<\/span><\/a>. <a href=\"https:\/\/redhistoriapsi.mora.edu.mx\/wp-content\/uploads\/2019\/11\/VII-Encuentro_res%C3%BAmenes.-concetrado.pdf\" onclick=\"javascript:_gaq.push(['_trackEvent','download','http:\/\/redhistoriapsi.mora.edu.mx\/wp-content\/uploads\/2019\/11\/VII-Encuentro_res%C3%BAmenes.-concetrado.pdf']);\"><span style=\"color: #333399;\">Res\u00famenes.<\/span><\/a><\/span><br \/>\n<a href=\"https:\/\/redhistoriapsi.mora.edu.mx\/wp-content\/uploads\/2019\/10\/VI-Encuentro-Cartel_2016.jpg\" ><img decoding=\"async\" loading=\"lazy\" class=\"alignleft wp-image-2406 size-medium\" src=\"https:\/\/redhistoriapsi.mora.edu.mx\/wp-content\/uploads\/2019\/10\/VI-Encuentro-Cartel_2016-200x300.jpg\" alt=\"VI Encuentro2016\" width=\"200\" height=\"300\" srcset=\"https:\/\/redhistoriapsi.mora.edu.mx\/wp-content\/uploads\/2019\/10\/VI-Encuentro-Cartel_2016-200x300.jpg 200w, https:\/\/redhistoriapsi.mora.edu.mx\/wp-content\/uploads\/2019\/10\/VI-Encuentro-Cartel_2016-682x1024.jpg 682w, https:\/\/redhistoriapsi.mora.edu.mx\/wp-content\/uploads\/2019\/10\/VI-Encuentro-Cartel_2016.jpg 1134w\" sizes=\"(max-width: 200px) 100vw, 200px\" \/><\/a><br \/>\nDel 1 al 3 de diciembre 2016 se llev\u00f3 a cabo el <span style=\"color: #800000;\"><strong>VI Encuentro<\/strong><\/span><em> de la Red<\/em>en Santiago de Chile, con sede en el Archivo Nacional gracias a los esfuerzos de los colegas chilenos C\u00e9sar Leyton Robinson, Marcelo S\u00e1nchez Delgado, Cristi\u00e1n Palacios Laval y Claudia Araya Ibacache. El Encuentro cont\u00f3 con el apoyo de la Universidad de Chile.\u00a0<span style=\"color: #333399;\"><a href=\"https:\/\/redhistoriapsi.mora.edu.mx\/wp-content\/uploads\/2019\/11\/PROGRAMA-VI-Encuentro-RIHP-1.pdf\" onclick=\"javascript:_gaq.push(['_trackEvent','download','http:\/\/redhistoriapsi.mora.edu.mx\/wp-content\/uploads\/2019\/11\/PROGRAMA-VI-Encuentro-RIHP-1.pdf']);\"><span style=\"color: #333399;\">Programa<\/span><\/a>. <a href=\"https:\/\/redhistoriapsi.mora.edu.mx\/wp-content\/uploads\/2020\/02\/Res%C3%BAmenes-ponencias-VI-Encuentro.pdf\" onclick=\"javascript:_gaq.push(['_trackEvent','download','http:\/\/redhistoriapsi.mora.edu.mx\/wp-content\/uploads\/2020\/02\/Res%C3%BAmenes-ponencias-VI-Encuentro.pdf']);\"><span style=\"color: #333399;\">Res\u00famenes<\/span><\/a><\/span><\/p>\n<p style=\"text-align: right;\">Auspiciado por El Instituto de Investigaciones Dr. Jos\u00e9 Mar\u00eda Luis Mora, el Centro de Investigaciones Interdisciplinarias en Ciencias<br \/>\ny Humanidades<img decoding=\"async\" loading=\"lazy\" class=\"alignright wp-image-1409\" src=\"https:\/\/redhistoriapsi.mora.edu.mx\/wp-content\/uploads\/2014\/11\/Psiquiatria600x928.jpg\" alt=\"V Encuentro, CDMX \" width=\"200\" height=\"309\" \/>\u00a0y el Instituto de Investigaciones Hist\u00f3ricas de la UNAM, y la\u00a0Universidad Aut\u00f3noma Metropolitana &#8211; Cuajimalpa tuvo lugar el <strong><span style=\"color: #800000;\">V Encuentro<\/span>\u00a0<\/strong><em>de la Red<\/em><strong><em>.\u00a0<\/em><\/strong>Se llev\u00f3 a cabo en la Ciudad de M\u00e9xico en el auditorio del Instituto Mora del 1 al 3 de diciembre de 2014.\u00a0 \u00a0<span style=\"color: #333399;\">P<a href=\"https:\/\/redhistoriapsi.mora.edu.mx\/wp-content\/uploads\/2014\/11\/Programa-Historia-de-la-Psiquiatria.pdf\" onclick=\"javascript:_gaq.push(['_trackEvent','download','http:\/\/redhistoriapsi.mora.edu.mx\/wp-content\/uploads\/2014\/11\/Programa-Historia-de-la-Psiquiatria.pdf']);\"><span style=\"color: #333399;\">rograma<\/span><\/a>.\u00a0R<a href=\"https:\/\/redhistoriapsi.mora.edu.mx\/?page_id=1500\" ><span style=\"color: #333399;\">es\u00famenes<\/span><\/a><\/span><\/p>\n<p><img decoding=\"async\" loading=\"lazy\" class=\"alignleft wp-image-1005\" src=\"https:\/\/redhistoriapsi.mora.edu.mx\/wp-content\/uploads\/2014\/07\/cartel_iv-encuentro-rihp.jpg\" alt=\"cartel_iv-encuentro-rihp\" width=\"207\" height=\"281\" \/>El\u00a0<span style=\"color: #800000;\"><strong>IV Encuentro<\/strong><\/span> de la RIHP tuvo lugar en el marco de las VIII Jornadas de la Sociedad de Historia y Filosof\u00eda de la Psiquiatr\u00eda celebrada el 13 y 14 de septiembre de 2012 en la sede del Consejo Superior de Investigaciones Cient\u00edficas (CISC) en Madrid, Espa\u00f1a. <span style=\"color: #333399;\">P<a href=\"https:\/\/redhistoriapsi.mora.edu.mx\/wp-content\/uploads\/2019\/10\/IV-Encuentro-Programa_2012.pdf\" onclick=\"javascript:_gaq.push(['_trackEvent','download','http:\/\/redhistoriapsi.mora.edu.mx\/wp-content\/uploads\/2019\/10\/IV-Encuentro-Programa_2012.pdf']);\"><span style=\"color: #333399;\">rograma<\/span><\/a><\/span><\/p>\n<p>Del 3 al 5 de noviembre de 2010 se llev\u00f3 a cabo el <strong><span style=\"color: #800000;\">III Encuentro<\/span>\u00a0<\/strong>de la Red\u00a0Iberoamericana de Historia de la Psiquiatr\u00eda en la Casa de Oswaldo Cruz (Fiocruz)gracias a los esfuerzos de nuestros colegas brasile\u00f1os, particularmente de Ana Teresa Venancio. El encuentro tuvo el apoyo del Centro de Ciencias Humanas y<br \/>\n<img decoding=\"async\" loading=\"lazy\" class=\"alignright wp-image-1084\" src=\"https:\/\/redhistoriapsi.mora.edu.mx\/wp-content\/uploads\/2012\/06\/livro_resumus1.png\" alt=\"III Encuentro\" width=\"209\" height=\"299\" \/>Sociales del Consejo Superior de Investigaciones Cient\u00edficas (CISC &#8211; Madrid, Espa\u00f1a), del Conselho Nacional de Desenvolvimento Cientifico e Tecnol\u00f3gico (CNPq) y de la Funda\u00e7\u00e3o de Amparo \u00e0 Pesquisa do Estado do Rio de Janeiro (Faperj). <span style=\"color: #333399;\"><a href=\"https:\/\/redhistoriapsi.mora.edu.mx\/wp-content\/uploads\/2019\/10\/III-Encuentro-Programa_2010-2.pdf\" onclick=\"javascript:_gaq.push(['_trackEvent','download','http:\/\/redhistoriapsi.mora.edu.mx\/wp-content\/uploads\/2019\/10\/III-Encuentro-Programa_2010-2.pdf']);\"><span style=\"color: #333399;\">Programa<\/span><\/a><\/span><\/p>\n<p>El XXV Congreso Argentino de Psiquiatr\u00eda en Mar del Plata, Argentina celebrado del 22 al 25 de abril de 2009, acogi\u00f3 el <span style=\"color: #800000;\"><strong>II Encuentro<\/strong><\/span> de la Red en forma de un Simposium Internacional titulado \u201cSistemas de atenci\u00f3n en Psiquiatr\u00eda y Salud Mental. Condiciones hist\u00f3rico-sociales de producci\u00f3n\u201d, con participaci\u00f3n argentina, brasile\u00f1a, mexicana y espa\u00f1ola. En la Asamblea celebrada a continuaci\u00f3n se acept\u00f3 el generoso ofrecimiento de la representante del grupo brasile\u00f1o para organizar el siguiente encuentro -esta vez ya de manera independiente y espec\u00edfica- en R\u00edo de Janeiro.<br \/>\nNuestro <span style=\"color: #800000;\"><strong>Primer Encuentro <\/strong><\/span>fue de<em>\u00a0<\/em>car\u00e1cter organizativo y en la que se complet\u00f3 la lista de grupos participantes, tuvo lugar en el seno del XIV Congreso de la Sociedad Espa\u00f1ola de Historia de la Medicina en Granada, Espa\u00f1a del 11-14 de junio de 2008.<\/p>\n<p>&nbsp;<\/p>\n","protected":false},"excerpt":{"rendered":"<p>La Red Iberoamericana de Historia de la Psiquiatr\u00eda, creada oficialmente en 2008, surge de la necesidad constatada de aunar esfuerzos, de poner en contacto a los\/las investigadores\/as, de favorecer el di\u00e1logo internacional en el \u00e1rea Iberoamericana -sin renunciar al intercambio con otros \u00e1mbitos geogr\u00e1ficos y socio-culturales- y de propiciar trabajos conjuntos y comparados que permitan<a class=\"sup-readmore\" href=\"https:\/\/redhistoriapsi.mora.edu.mx\/?page_id=258\" >Leer m\u00e1s&#8230;<\/a><\/p>\n","protected":false},"author":7854,"featured_media":0,"parent":0,"menu_order":0,"comment_status":"open","ping_status":"open","template":"","meta":{"footnotes":""},"post_mailing_queue_ids":[],"_links":{"self":[{"href":"https:\/\/redhistoriapsi.mora.edu.mx\/index.php?rest_route=\/wp\/v2\/pages\/258"}],"collection":[{"href":"https:\/\/redhistoriapsi.mora.edu.mx\/index.php?rest_route=\/wp\/v2\/pages"}],"about":[{"href":"https:\/\/redhistoriapsi.mora.edu.mx\/index.php?rest_route=\/wp\/v2\/types\/page"}],"author":[{"embeddable":true,"href":"https:\/\/redhistoriapsi.mora.edu.mx\/index.php?rest_route=\/wp\/v2\/users\/7854"}],"replies":[{"embeddable":true,"href":"https:\/\/redhistoriapsi.mora.edu.mx\/index.php?rest_route=%2Fwp%2Fv2%2Fcomments&post=258"}],"version-history":[{"count":48,"href":"https:\/\/redhistoriapsi.mora.edu.mx\/index.php?rest_route=\/wp\/v2\/pages\/258\/revisions"}],"predecessor-version":[{"id":3164,"href":"https:\/\/redhistoriapsi.mora.edu.mx\/index.php?rest_route=\/wp\/v2\/pages\/258\/revisions\/3164"}],"wp:attachment":[{"href":"https:\/\/redhistoriapsi.mora.edu.mx\/index.php?rest_route=%2Fwp%2Fv2%2Fmedia&parent=258"}],"curies":[{"name":"wp","href":"https:\/\/api.w.org\/{rel}","templated":true}]}}